{"id":212,"date":"2024-06-20T13:08:38","date_gmt":"2024-06-20T13:08:38","guid":{"rendered":"https:\/\/proa4all.com\/?page_id=212"},"modified":"2024-08-01T09:24:45","modified_gmt":"2024-08-01T09:24:45","slug":"caracteristiques","status":"publish","type":"page","link":"https:\/\/proa4all.com\/index.php\/caracteristiques\/","title":{"rendered":"Caracter\u00edstiques"},"content":{"rendered":"<p>[et_pb_section fb_built=&#8221;1&#8243; admin_label=&#8221;Header&#8221; _builder_version=&#8221;4.20.0&#8243; _module_preset=&#8221;default&#8221; collapsed=&#8221;on&#8221; global_colors_info=&#8221;{}&#8221;][et_pb_row column_structure=&#8221;2_5,3_5&#8243; _builder_version=&#8221;4.20.0&#8243; _module_preset=&#8221;default&#8221; global_colors_info=&#8221;{}&#8221;][et_pb_column type=&#8221;2_5&#8243; _builder_version=&#8221;4.20.0&#8243; _module_preset=&#8221;default&#8221; global_colors_info=&#8221;{}&#8221;][et_pb_text _builder_version=&#8221;4.25.2&#8243; _module_preset=&#8221;126b0f21-12e9-4d8e-b57b-8fb8009800a6&#8243; header_font=&#8221;Raleway|700|||||||&#8221; header_font_size=&#8221;57px&#8221; custom_margin=&#8221;||10px||false|false&#8221; global_colors_info=&#8221;{}&#8221;]<\/p>\n<h1>Caracter\u00edstiques del software<\/h1>\n<p>[\/et_pb_text][et_pb_text _builder_version=&#8221;4.23.4&#8243; _module_preset=&#8221;5d411437-f895-4114-afef-6677b73e84ac&#8221; global_colors_info=&#8221;{}&#8221;]<\/p>\n<p>PROA \u00e9s una eina indispensable per a empreses i institucions tur\u00edstiques que volen liderar en l&#8217;\u00e0mbit del turisme accessible. Proporciona les eines necess\u00e0ries per avaluar, millorar i promoure l&#8217;accessibilitat, contribuint a un turisme m\u00e9s inclusiu, responsable i sostenible.<\/p>\n<p>[\/et_pb_text][et_pb_button button_url=&#8221;@ET-DC@eyJkeW5hbWljIjp0cnVlLCJjb250ZW50IjoicG9zdF9saW5rX3VybF9wYWdlIiwic2V0dGluZ3MiOnsicG9zdF9pZCI6IjE2NyJ9fQ==@&#8221; button_text=&#8221;Sol\u00b7licita una demo&#8221; button_alignment=&#8221;left&#8221; _builder_version=&#8221;4.23.4&#8243; _dynamic_attributes=&#8221;button_url&#8221; _module_preset=&#8221;c9bc0244-37be-44fb-9895-56a79de3b947&#8243; button_text_color=&#8221;#FFFFFF&#8221; button_bg_color=&#8221;#007c6e&#8221; button_font=&#8221;Raleway|700||on|||||&#8221; global_colors_info=&#8221;{}&#8221;][\/et_pb_button][\/et_pb_column][et_pb_column type=&#8221;3_5&#8243; _builder_version=&#8221;4.20.0&#8243; _module_preset=&#8221;default&#8221; global_colors_info=&#8221;{}&#8221;][et_pb_image src=&#8221;https:\/\/proa4all.com\/wp-content\/uploads\/2024\/06\/slide_1600x1067.jpg&#8221; title_text=&#8221;slide_1600x1067&#8243; _builder_version=&#8221;4.23.4&#8243; _module_preset=&#8221;default&#8221; background_color=&#8221;#FFFFFF&#8221; border_radii=&#8221;on|40px|40px|40px|40px&#8221; box_shadow_style=&#8221;preset1&#8243; box_shadow_blur=&#8221;22px&#8221; box_shadow_spread=&#8221;17px&#8221; box_shadow_color=&#8221;rgba(0,0,0,0.1)&#8221; global_colors_info=&#8221;{}&#8221;][\/et_pb_image][\/et_pb_column][\/et_pb_row][\/et_pb_section][et_pb_section fb_built=&#8221;1&#8243; admin_label=&#8221;Services&#8221; _builder_version=&#8221;4.20.0&#8243; _module_preset=&#8221;default&#8221; custom_padding=&#8221;||6px|||&#8221; collapsed=&#8221;on&#8221; global_colors_info=&#8221;{}&#8221;][et_pb_row _builder_version=&#8221;4.20.0&#8243; _module_preset=&#8221;default&#8221; global_colors_info=&#8221;{}&#8221;][et_pb_column type=&#8221;4_4&#8243; _builder_version=&#8221;4.20.0&#8243; _module_preset=&#8221;default&#8221; global_colors_info=&#8221;{}&#8221;][et_pb_text _builder_version=&#8221;4.23.4&#8243; _module_preset=&#8221;96385958-7cbc-42e7-97ba-85082796fdf9&#8243; text_orientation=&#8221;center&#8221; global_colors_info=&#8221;{}&#8221;]<\/p>\n<h4>Transformant l&#8217;Accessibilitat Tur\u00edstica<\/h4>\n<p>[\/et_pb_text][et_pb_text _builder_version=&#8221;4.25.2&#8243; _module_preset=&#8221;d7354faf-980e-4f24-a1fd-b0537d52cfc7&#8243; text_orientation=&#8221;center&#8221; global_colors_info=&#8221;{}&#8221;]<\/p>\n<h2>Caracter\u00edstiques principals de PROA<\/h2>\n<p>[\/et_pb_text][\/et_pb_column][\/et_pb_row][et_pb_row column_structure=&#8221;1_2,1_2&#8243; _builder_version=&#8221;4.20.0&#8243; _module_preset=&#8221;default&#8221; global_colors_info=&#8221;{}&#8221;][et_pb_column type=&#8221;1_2&#8243; _builder_version=&#8221;4.20.0&#8243; _module_preset=&#8221;default&#8221; global_colors_info=&#8221;{}&#8221;][et_pb_blurb title=&#8221;Autoavaluaci\u00f3 personalitzada&#8221; image=&#8221;https:\/\/proa4all.com\/wp-content\/uploads\/2024\/06\/A-01.png&#8221; _builder_version=&#8221;4.25.2&#8243; _module_preset=&#8221;ab7c50cd-0f66-4035-88a5-e1f2486470e1&#8243; header_font=&#8221;Raleway|700|||||||&#8221; locked=&#8221;off&#8221; global_colors_info=&#8221;{}&#8221;]<\/p>\n<p>PROA proporciona una autoavaluaci\u00f3 \u00e0gil i intu\u00eftiva, adaptada a cada tipus de recurs tur\u00edstic, permetent identificar amb precisi\u00f3 les \u00e0rees que necessiten millores.<\/p>\n<p>[\/et_pb_blurb][et_pb_blurb title=&#8221;Informes i suggeriments de millora&#8221; image=&#8221;https:\/\/proa4all.com\/wp-content\/uploads\/2024\/06\/A-01.png&#8221; _builder_version=&#8221;4.25.2&#8243; _module_preset=&#8221;ab7c50cd-0f66-4035-88a5-e1f2486470e1&#8243; header_font=&#8221;Raleway|700|||||||&#8221; locked=&#8221;off&#8221; global_colors_info=&#8221;{}&#8221;]<\/p>\n<p>Despr\u00e9s de l&#8217;avaluaci\u00f3, PROA genera informes detallats amb suggeriments espec\u00edfics de millora per a cada tipus de discapacitat, facilitant la implementaci\u00f3 de solucions efectives.<\/p>\n<p>[\/et_pb_blurb][et_pb_blurb title=&#8221;Promoci\u00f3 de l&#8217;accessibilitat i la inclusi\u00f3&#8221; image=&#8221;https:\/\/proa4all.com\/wp-content\/uploads\/2024\/06\/A-01.png&#8221; _builder_version=&#8221;4.25.2&#8243; _module_preset=&#8221;ab7c50cd-0f66-4035-88a5-e1f2486470e1&#8243; header_font=&#8221;Raleway|700|||||||&#8221; locked=&#8221;off&#8221; global_colors_info=&#8221;{}&#8221;]<\/p>\n<p>Utilitzar PROA demostra un comprom\u00eds amb la inclusi\u00f3 i la responsabilitat social, millorant la qualitat de vida de les persones amb discapacitat i enriquint l&#8217;experi\u00e8ncia tur\u00edstica de tots els visitants.<\/p>\n<p>[\/et_pb_blurb][\/et_pb_column][et_pb_column type=&#8221;1_2&#8243; _builder_version=&#8221;4.20.0&#8243; _module_preset=&#8221;default&#8221; global_colors_info=&#8221;{}&#8221;][et_pb_blurb title=&#8221;Perspectiva de l&#8217;usuari final&#8221; image=&#8221;https:\/\/proa4all.com\/wp-content\/uploads\/2024\/06\/A-01.png&#8221; _builder_version=&#8221;4.25.2&#8243; _module_preset=&#8221;ab7c50cd-0f66-4035-88a5-e1f2486470e1&#8243; header_font=&#8221;Raleway|700|||||||&#8221; locked=&#8221;off&#8221; global_colors_info=&#8221;{}&#8221;]<\/p>\n<p>Les enquestes de PROA incorporen la perspectiva de l&#8217;experi\u00e8ncia tur\u00edstica de l&#8217;usuari final, oferint una visi\u00f3 real i detallada del nivell d&#8217;accessibilitat dels espais avaluats.<\/p>\n<p>[\/et_pb_blurb][et_pb_blurb title=&#8221;Dades i visualitzaci\u00f3 en temps real&#8221; image=&#8221;https:\/\/proa4all.com\/wp-content\/uploads\/2024\/06\/A-01.png&#8221; _builder_version=&#8221;4.25.2&#8243; _module_preset=&#8221;ab7c50cd-0f66-4035-88a5-e1f2486470e1&#8243; header_font=&#8221;Raleway|700|||||||&#8221; locked=&#8221;off&#8221; global_colors_info=&#8221;{}&#8221;]<\/p>\n<p>Les institucions i empreses poden accedir a dades anal\u00edtiques en temps real, ajudant a monitoritzar l&#8217;accessibilitat dels espais i prendre decisions informades basades en dades actualitzades.<\/p>\n<p>[\/et_pb_blurb][et_pb_blurb title=&#8221;Suport a les pol\u00edtiques de sostenibilitat&#8221; image=&#8221;https:\/\/proa4all.com\/wp-content\/uploads\/2024\/06\/A-01.png&#8221; _builder_version=&#8221;4.25.2&#8243; _module_preset=&#8221;ab7c50cd-0f66-4035-88a5-e1f2486470e1&#8243; header_font=&#8221;Raleway|700|||||||&#8221; locked=&#8221;off&#8221; global_colors_info=&#8221;{}&#8221;]<\/p>\n<p>PROA est\u00e0 alineada amb els Objectius de Desenvolupament Sostenible (ODS) de les Nacions Unides, ajudant a les institucions a desenvolupar pol\u00edtiques de turisme sostenible i accessible.<\/p>\n<p>&nbsp;<\/p>\n<p>[\/et_pb_blurb][\/et_pb_column][\/et_pb_row][\/et_pb_section][et_pb_section fb_built=&#8221;1&#8243; admin_label=&#8221;Call to Action&#8221; _builder_version=&#8221;4.20.0&#8243; _module_preset=&#8221;default&#8221; custom_padding=&#8221;87px||153px|||&#8221; locked=&#8221;off&#8221; collapsed=&#8221;on&#8221; global_colors_info=&#8221;{}&#8221;][et_pb_row column_structure=&#8221;1_2,1_2&#8243; custom_padding_last_edited=&#8221;on|tablet&#8221; _builder_version=&#8221;4.23.4&#8243; _module_preset=&#8221;default&#8221; background_color=&#8221;gcid-095f3017-670a-4d45-bbf8-520034f23a92&#8243; max_width=&#8221;1200px&#8221; overflow-x=&#8221;visible&#8221; overflow-y=&#8221;visible&#8221; custom_padding=&#8221;60px|60px|60px|60px|true|true&#8221; custom_padding_tablet=&#8221;30px|30px|30px|30px|true|true&#8221; custom_padding_phone=&#8221;20px|20px|20px|20px|true|true&#8221; border_radii=&#8221;on|40px|40px|40px|40px&#8221; global_colors_info=&#8221;{%22gcid-095f3017-670a-4d45-bbf8-520034f23a92%22:%91%22background_color%22%93}&#8221;][et_pb_column type=&#8221;1_2&#8243; _builder_version=&#8221;4.20.0&#8243; _module_preset=&#8221;default&#8221; global_colors_info=&#8221;{}&#8221;][et_pb_image src=&#8221;https:\/\/proa4all.com\/wp-content\/uploads\/2024\/06\/portatil-home-proa.png&#8221; title_text=&#8221;portatil-home-proa&#8221; _builder_version=&#8221;4.25.2&#8243; _module_preset=&#8221;default&#8221; hover_enabled=&#8221;0&#8243; global_colors_info=&#8221;{}&#8221; sticky_enabled=&#8221;0&#8243;][\/et_pb_image][\/et_pb_column][et_pb_column type=&#8221;1_2&#8243; _builder_version=&#8221;4.23.4&#8243; _module_preset=&#8221;default&#8221; custom_padding=&#8221;4vw||||false|false&#8221; custom_padding_tablet=&#8221;0vw||||false|false&#8221; custom_padding_phone=&#8221;0vw||||false|false&#8221; custom_padding_last_edited=&#8221;on|desktop&#8221; global_colors_info=&#8221;{}&#8221;][et_pb_text _builder_version=&#8221;4.25.2&#8243; _module_preset=&#8221;e7548bf6-1e61-4ac6-a9f0-c311c46e2c3e&#8221; header_2_text_color=&#8221;#FFFFFF&#8221; global_colors_info=&#8221;{}&#8221;]<\/p>\n<h2>Aposta per l&#8217;accessibilitat i la inclusi\u00f3<\/h2>\n<p>[\/et_pb_text][et_pb_button button_url=&#8221;@ET-DC@eyJkeW5hbWljIjp0cnVlLCJjb250ZW50IjoicG9zdF9saW5rX3VybF9wYWdlIiwic2V0dGluZ3MiOnsicG9zdF9pZCI6IjE2NyJ9fQ==@&#8221; button_text=&#8221;Demana una demo&#8221; button_alignment=&#8221;left&#8221; _builder_version=&#8221;4.23.4&#8243; _dynamic_attributes=&#8221;button_url&#8221; _module_preset=&#8221;c9bc0244-37be-44fb-9895-56a79de3b947&#8243; button_text_color=&#8221;#FFFFFF&#8221; button_bg_color=&#8221;#007c6e&#8221; button_font=&#8221;Raleway|700||on|||||&#8221; global_colors_info=&#8221;{}&#8221;][\/et_pb_button][\/et_pb_column][\/et_pb_row][\/et_pb_section][et_pb_section fb_built=&#8221;1&#8243; admin_label=&#8221;Footer&#8221; _builder_version=&#8221;4.23.4&#8243; _module_preset=&#8221;default&#8221; background_color=&#8221;gcid-86031d5b-0170-405c-b57e-166734aa8a67&#8243; use_background_color_gradient=&#8221;on&#8221; background_color_gradient_stops=&#8221;#000000 0%|rgba(0,0,0,0) 100%&#8221; background_color_gradient_overlays_image=&#8221;on&#8221; background_image=&#8221;https:\/\/proa4all.com\/wp-content\/uploads\/2024\/06\/proa_background_transparent_2500.png&#8221; background_position=&#8221;top_center&#8221; global_module=&#8221;210&#8243; saved_tabs=&#8221;all&#8221; locked=&#8221;off&#8221; collapsed=&#8221;on&#8221; global_colors_info=&#8221;{%22gcid-86031d5b-0170-405c-b57e-166734aa8a67%22:%91%22background_color%22%93}&#8221;][et_pb_row _builder_version=&#8221;4.23.4&#8243; _module_preset=&#8221;default&#8221; max_width=&#8221;820px&#8221; custom_padding=&#8221;32px|||||&#8221; global_colors_info=&#8221;{}&#8221;][et_pb_column type=&#8221;4_4&#8243; _builder_version=&#8221;4.23.4&#8243; _module_preset=&#8221;default&#8221; background_enable_color=&#8221;off&#8221; custom_padding=&#8221;20px|20px|20px|20px|true|true&#8221; border_radii=&#8221;on|40px|40px|40px|40px&#8221; global_colors_info=&#8221;{%22gcid-095f3017-670a-4d45-bbf8-520034f23a92%22:%91%22background_color%22%93}&#8221;][et_pb_text _builder_version=&#8221;4.23.4&#8243; _module_preset=&#8221;41739eef-524c-4ad7-81a4-42d94f951d33&#8243; header_font=&#8221;Raleway||||||||&#8221; header_2_text_color=&#8221;#FFFFFF&#8221; text_orientation=&#8221;center&#8221; global_colors_info=&#8221;{}&#8221;]<\/p>\n<h2>Uneix-te al turisme per a tothom!<\/h2>\n<p>[\/et_pb_text][et_pb_button button_url=&#8221;@ET-DC@eyJkeW5hbWljIjp0cnVlLCJjb250ZW50IjoicG9zdF9saW5rX3VybF9wYWdlIiwic2V0dGluZ3MiOnsicG9zdF9pZCI6IjE2NyJ9fQ==@&#8221; button_text=&#8221;Sol\u00b7licita una demo&#8221; button_alignment=&#8221;center&#8221; _builder_version=&#8221;4.23.4&#8243; _dynamic_attributes=&#8221;button_url&#8221; _module_preset=&#8221;c9bc0244-37be-44fb-9895-56a79de3b947&#8243; button_text_color=&#8221;#FFFFFF&#8221; button_bg_color=&#8221;#007c6e&#8221; button_font=&#8221;Raleway|700||on|||||&#8221; global_colors_info=&#8221;{}&#8221;][\/et_pb_button][\/et_pb_column][\/et_pb_row][et_pb_row column_structure=&#8221;1_4,1_4,1_4,1_4&#8243; _builder_version=&#8221;4.23.4&#8243; _module_preset=&#8221;default&#8221; width=&#8221;100%&#8221; max_width=&#8221;1496px&#8221; global_colors_info=&#8221;{}&#8221;][et_pb_column type=&#8221;1_4&#8243; _builder_version=&#8221;4.20.0&#8243; _module_preset=&#8221;default&#8221; background_enable_color=&#8221;off&#8221; custom_padding=&#8221;20px|20px|20px|20px|true|true&#8221; border_radii=&#8221;on|40px|40px|40px|40px&#8221; global_colors_info=&#8221;{%22gcid-095f3017-670a-4d45-bbf8-520034f23a92%22:%91%22background_color%22%93}&#8221;][et_pb_text _builder_version=&#8221;4.23.4&#8243; _module_preset=&#8221;2cf54718-7879-4002-88cf-3fa5bb53ddf6&#8243; header_font=&#8221;Raleway||||||||&#8221; header_5_font=&#8221;Raleway|700|||||||&#8221; header_5_text_color=&#8221;#FFFFFF&#8221; global_colors_info=&#8221;{}&#8221;]<\/p>\n<h5>Contacte<\/h5>\n<p>[\/et_pb_text][et_pb_text _builder_version=&#8221;4.23.4&#8243; _module_preset=&#8221;3af6fa9f-956b-4beb-b78a-305040b35cdf&#8221; text_text_color=&#8221;#FFFFFF&#8221; link_text_color=&#8221;#FFFFFF&#8221; header_font=&#8221;Raleway||||||||&#8221; custom_margin=&#8221;||0px||false|false&#8221; locked=&#8221;off&#8221; global_colors_info=&#8221;{}&#8221;]<\/p>\n<p><a href=\"mailto:bimconsultors@bimconsultors.com\">bimconsultors@bimconsultors.com<\/a><\/p>\n<p>[\/et_pb_text][et_pb_text _builder_version=&#8221;4.23.4&#8243; _module_preset=&#8221;3af6fa9f-956b-4beb-b78a-305040b35cdf&#8221; text_text_color=&#8221;#FFFFFF&#8221; link_text_color=&#8221;#FFFFFF&#8221; header_font=&#8221;Raleway||||||||&#8221; custom_margin=&#8221;||0px||false|false&#8221; locked=&#8221;off&#8221; global_colors_info=&#8221;{}&#8221;]<\/p>\n<p><a href=\"tel:+34%20626 71 76 64\">+34 626 71 76 64<\/a><\/p>\n<p>[\/et_pb_text][et_pb_text _builder_version=&#8221;4.23.4&#8243; _module_preset=&#8221;3af6fa9f-956b-4beb-b78a-305040b35cdf&#8221; text_text_color=&#8221;#FFFFFF&#8221; link_text_color=&#8221;#FFFFFF&#8221; header_font=&#8221;Raleway||||||||&#8221; custom_margin=&#8221;||0px||false|false&#8221; locked=&#8221;off&#8221; global_colors_info=&#8221;{}&#8221;]<\/p>\n<p class=\"et_pb_module_header\"><span>C\/ Riera Ginjolers 123 local 1, 17480 Roses (Girona)<\/span><\/p>\n<p>[\/et_pb_text][\/et_pb_column][et_pb_column type=&#8221;1_4&#8243; _builder_version=&#8221;4.20.0&#8243; _module_preset=&#8221;default&#8221; background_enable_color=&#8221;off&#8221; custom_padding=&#8221;20px|20px|20px|20px|true|true&#8221; border_radii=&#8221;on|40px|40px|40px|40px&#8221; global_colors_info=&#8221;{%22gcid-095f3017-670a-4d45-bbf8-520034f23a92%22:%91%22background_color%22%93}&#8221;][et_pb_image src=&#8221;https:\/\/proa4all.com\/wp-content\/uploads\/2024\/06\/premis-emprenedors-alt-emporda-1.png&#8221; title_text=&#8221;premis-emprenedors-alt-emporda&#8221; align=&#8221;center&#8221; _builder_version=&#8221;4.23.4&#8243; _module_preset=&#8221;default&#8221; border_radii=&#8221;on|32px|32px|32px|32px&#8221; box_shadow_style=&#8221;preset1&#8243; global_colors_info=&#8221;{}&#8221;][\/et_pb_image][\/et_pb_column][et_pb_column type=&#8221;1_4&#8243; _builder_version=&#8221;4.20.0&#8243; _module_preset=&#8221;default&#8221; background_enable_color=&#8221;off&#8221; custom_padding=&#8221;20px|20px|20px|20px|true|true&#8221; border_radii=&#8221;on|40px|40px|40px|40px&#8221; global_colors_info=&#8221;{%22gcid-095f3017-670a-4d45-bbf8-520034f23a92%22:%91%22background_color%22%93}&#8221;][et_pb_image src=&#8221;https:\/\/proa4all.com\/wp-content\/uploads\/2024\/06\/techtourism-1.jpg&#8221; title_text=&#8221;techtourism&#8221; align=&#8221;center&#8221; _builder_version=&#8221;4.23.4&#8243; _module_preset=&#8221;default&#8221; border_radii=&#8221;on|32px|32px|32px|32px&#8221; box_shadow_style=&#8221;preset1&#8243; global_colors_info=&#8221;{}&#8221;][\/et_pb_image][\/et_pb_column][et_pb_column type=&#8221;1_4&#8243; _builder_version=&#8221;4.20.0&#8243; _module_preset=&#8221;default&#8221; background_enable_color=&#8221;off&#8221; custom_padding=&#8221;20px|20px|20px|20px|true|true&#8221; border_radii=&#8221;on|40px|40px|40px|40px&#8221; global_colors_info=&#8221;{%22gcid-095f3017-670a-4d45-bbf8-520034f23a92%22:%91%22background_color%22%93}&#8221;][et_pb_image src=&#8221;https:\/\/proa4all.com\/wp-content\/uploads\/2024\/06\/tourism_and_society_think_tank_logo.jpg&#8221; title_text=&#8221;tourism_and_society_think_tank_logo&#8221; align=&#8221;center&#8221; _builder_version=&#8221;4.23.4&#8243; _module_preset=&#8221;default&#8221; border_radii=&#8221;on|32px|32px|32px|32px&#8221; box_shadow_style=&#8221;preset1&#8243; global_colors_info=&#8221;{}&#8221;][\/et_pb_image][\/et_pb_column][\/et_pb_row][\/et_pb_section]<\/p>\n","protected":false},"excerpt":{"rendered":"<p>Caracter\u00edstiques del softwarePROA \u00e9s una eina indispensable per a empreses i institucions tur\u00edstiques que volen liderar en l&#8217;\u00e0mbit del turisme accessible. Proporciona les eines necess\u00e0ries per avaluar, millorar i promoure l&#8217;accessibilitat, contribuint a un turisme m\u00e9s inclusiu, responsable i sostenible.Transformant l&#8217;Accessibilitat Tur\u00edsticaCaracter\u00edstiques principals de PROAPROA proporciona una autoavaluaci\u00f3 \u00e0gil i intu\u00eftiva, adaptada a cada tipus [&hellip;]<\/p>\n","protected":false},"author":1,"featured_media":0,"parent":0,"menu_order":0,"comment_status":"closed","ping_status":"closed","template":"","meta":{"_et_pb_use_builder":"on","_et_pb_old_content":"","_et_gb_content_width":"","footnotes":""},"class_list":["post-212","page","type-page","status-publish","hentry"],"yoast_head":"<!-- This site is optimized with the Yoast SEO plugin v23.1 - https:\/\/yoast.com\/wordpress\/plugins\/seo\/ -->\n<title>Caracter\u00edstiques - Proa<\/title>\n<meta name=\"description\" content=\"Descobreix les caracter\u00edstiques de Proa4all, l&#039;eina essencial per avaluar i millorar l&#039;accessibilitat en espais tur\u00edstics.\" \/>\n<meta name=\"robots\" content=\"index, follow, max-snippet:-1, max-image-preview:large, max-video-preview:-1\" \/>\n<link rel=\"canonical\" href=\"https:\/\/proa4all.com\/index.php\/caracteristiques\/\" \/>\n<meta property=\"og:locale\" content=\"ca_ES\" \/>\n<meta property=\"og:type\" content=\"article\" \/>\n<meta property=\"og:title\" content=\"Caracter\u00edstiques - Proa\" \/>\n<meta property=\"og:description\" content=\"Descobreix les caracter\u00edstiques de Proa4all, l&#039;eina essencial per avaluar i millorar l&#039;accessibilitat en espais tur\u00edstics.\" \/>\n<meta property=\"og:url\" content=\"https:\/\/proa4all.com\/index.php\/caracteristiques\/\" \/>\n<meta property=\"og:site_name\" content=\"Proa\" \/>\n<meta property=\"article:modified_time\" content=\"2024-08-01T09:24:45+00:00\" \/>\n<meta name=\"twitter:card\" content=\"summary_large_image\" \/>\n<meta name=\"twitter:label1\" content=\"Temps estimat de lectura\" \/>\n\t<meta name=\"twitter:data1\" content=\"4 minuts\" \/>\n<script type=\"application\/ld+json\" class=\"yoast-schema-graph\">{\"@context\":\"https:\/\/schema.org\",\"@graph\":[{\"@type\":\"WebPage\",\"@id\":\"https:\/\/proa4all.com\/index.php\/caracteristiques\/\",\"url\":\"https:\/\/proa4all.com\/index.php\/caracteristiques\/\",\"name\":\"Caracter\u00edstiques - Proa\",\"isPartOf\":{\"@id\":\"https:\/\/proa4all.com\/#website\"},\"datePublished\":\"2024-06-20T13:08:38+00:00\",\"dateModified\":\"2024-08-01T09:24:45+00:00\",\"description\":\"Descobreix les caracter\u00edstiques de Proa4all, l'eina essencial per avaluar i millorar l'accessibilitat en espais tur\u00edstics.\",\"breadcrumb\":{\"@id\":\"https:\/\/proa4all.com\/index.php\/caracteristiques\/#breadcrumb\"},\"inLanguage\":\"ca\",\"potentialAction\":[{\"@type\":\"ReadAction\",\"target\":[\"https:\/\/proa4all.com\/index.php\/caracteristiques\/\"]}]},{\"@type\":\"BreadcrumbList\",\"@id\":\"https:\/\/proa4all.com\/index.php\/caracteristiques\/#breadcrumb\",\"itemListElement\":[{\"@type\":\"ListItem\",\"position\":1,\"name\":\"Inici\",\"item\":\"https:\/\/proa4all.com\/\"},{\"@type\":\"ListItem\",\"position\":2,\"name\":\"Caracter\u00edstiques\"}]},{\"@type\":\"WebSite\",\"@id\":\"https:\/\/proa4all.com\/#website\",\"url\":\"https:\/\/proa4all.com\/\",\"name\":\"Proa4all\",\"description\":\"Programari d&#039;Accessibilitat Tur\u00edstica\",\"publisher\":{\"@id\":\"https:\/\/proa4all.com\/#organization\"},\"potentialAction\":[{\"@type\":\"SearchAction\",\"target\":{\"@type\":\"EntryPoint\",\"urlTemplate\":\"https:\/\/proa4all.com\/?s={search_term_string}\"},\"query-input\":\"required name=search_term_string\"}],\"inLanguage\":\"ca\"},{\"@type\":\"Organization\",\"@id\":\"https:\/\/proa4all.com\/#organization\",\"name\":\"Proa\",\"url\":\"https:\/\/proa4all.com\/\",\"logo\":{\"@type\":\"ImageObject\",\"inLanguage\":\"ca\",\"@id\":\"https:\/\/proa4all.com\/#\/schema\/logo\/image\/\",\"url\":\"https:\/\/proa4all.com\/wp-content\/uploads\/2024\/06\/A-01.png\",\"contentUrl\":\"https:\/\/proa4all.com\/wp-content\/uploads\/2024\/06\/A-01.png\",\"width\":83,\"height\":128,\"caption\":\"Proa\"},\"image\":{\"@id\":\"https:\/\/proa4all.com\/#\/schema\/logo\/image\/\"}}]}<\/script>\n<!-- \/ Yoast SEO plugin. -->","yoast_head_json":{"title":"Caracter\u00edstiques - Proa","description":"Descobreix les caracter\u00edstiques de Proa4all, l'eina essencial per avaluar i millorar l'accessibilitat en espais tur\u00edstics.","robots":{"index":"index","follow":"follow","max-snippet":"max-snippet:-1","max-image-preview":"max-image-preview:large","max-video-preview":"max-video-preview:-1"},"canonical":"https:\/\/proa4all.com\/index.php\/caracteristiques\/","og_locale":"ca_ES","og_type":"article","og_title":"Caracter\u00edstiques - Proa","og_description":"Descobreix les caracter\u00edstiques de Proa4all, l'eina essencial per avaluar i millorar l'accessibilitat en espais tur\u00edstics.","og_url":"https:\/\/proa4all.com\/index.php\/caracteristiques\/","og_site_name":"Proa","article_modified_time":"2024-08-01T09:24:45+00:00","twitter_card":"summary_large_image","twitter_misc":{"Temps estimat de lectura":"4 minuts"},"schema":{"@context":"https:\/\/schema.org","@graph":[{"@type":"WebPage","@id":"https:\/\/proa4all.com\/index.php\/caracteristiques\/","url":"https:\/\/proa4all.com\/index.php\/caracteristiques\/","name":"Caracter\u00edstiques - Proa","isPartOf":{"@id":"https:\/\/proa4all.com\/#website"},"datePublished":"2024-06-20T13:08:38+00:00","dateModified":"2024-08-01T09:24:45+00:00","description":"Descobreix les caracter\u00edstiques de Proa4all, l'eina essencial per avaluar i millorar l'accessibilitat en espais tur\u00edstics.","breadcrumb":{"@id":"https:\/\/proa4all.com\/index.php\/caracteristiques\/#breadcrumb"},"inLanguage":"ca","potentialAction":[{"@type":"ReadAction","target":["https:\/\/proa4all.com\/index.php\/caracteristiques\/"]}]},{"@type":"BreadcrumbList","@id":"https:\/\/proa4all.com\/index.php\/caracteristiques\/#breadcrumb","itemListElement":[{"@type":"ListItem","position":1,"name":"Inici","item":"https:\/\/proa4all.com\/"},{"@type":"ListItem","position":2,"name":"Caracter\u00edstiques"}]},{"@type":"WebSite","@id":"https:\/\/proa4all.com\/#website","url":"https:\/\/proa4all.com\/","name":"Proa4all","description":"Programari d&#039;Accessibilitat Tur\u00edstica","publisher":{"@id":"https:\/\/proa4all.com\/#organization"},"potentialAction":[{"@type":"SearchAction","target":{"@type":"EntryPoint","urlTemplate":"https:\/\/proa4all.com\/?s={search_term_string}"},"query-input":"required name=search_term_string"}],"inLanguage":"ca"},{"@type":"Organization","@id":"https:\/\/proa4all.com\/#organization","name":"Proa","url":"https:\/\/proa4all.com\/","logo":{"@type":"ImageObject","inLanguage":"ca","@id":"https:\/\/proa4all.com\/#\/schema\/logo\/image\/","url":"https:\/\/proa4all.com\/wp-content\/uploads\/2024\/06\/A-01.png","contentUrl":"https:\/\/proa4all.com\/wp-content\/uploads\/2024\/06\/A-01.png","width":83,"height":128,"caption":"Proa"},"image":{"@id":"https:\/\/proa4all.com\/#\/schema\/logo\/image\/"}}]}},"_links":{"self":[{"href":"https:\/\/proa4all.com\/index.php\/wp-json\/wp\/v2\/pages\/212","targetHints":{"allow":["GET"]}}],"collection":[{"href":"https:\/\/proa4all.com\/index.php\/wp-json\/wp\/v2\/pages"}],"about":[{"href":"https:\/\/proa4all.com\/index.php\/wp-json\/wp\/v2\/types\/page"}],"author":[{"embeddable":true,"href":"https:\/\/proa4all.com\/index.php\/wp-json\/wp\/v2\/users\/1"}],"replies":[{"embeddable":true,"href":"https:\/\/proa4all.com\/index.php\/wp-json\/wp\/v2\/comments?post=212"}],"version-history":[{"count":21,"href":"https:\/\/proa4all.com\/index.php\/wp-json\/wp\/v2\/pages\/212\/revisions"}],"predecessor-version":[{"id":1128,"href":"https:\/\/proa4all.com\/index.php\/wp-json\/wp\/v2\/pages\/212\/revisions\/1128"}],"wp:attachment":[{"href":"https:\/\/proa4all.com\/index.php\/wp-json\/wp\/v2\/media?parent=212"}],"curies":[{"name":"wp","href":"https:\/\/api.w.org\/{rel}","templated":true}]}}